{"id":249,"date":"2013-02-22T11:08:39","date_gmt":"2013-02-22T09:08:39","guid":{"rendered":"http:\/\/www.r5.glm.de\/?post_type=product&#038;p=249"},"modified":"2024-08-26T14:07:31","modified_gmt":"2024-08-26T12:07:31","slug":"quadro-nuevo-end-of-the-rainbow","status":"publish","type":"product","link":"https:\/\/www.glm.de\/en\/product\/quadro-nuevo-end-of-the-rainbow\/","title":{"rendered":"Quadro Nuevo &#8211; End of the rainbow"},"content":{"rendered":"<p><strong>Evelyn Huber<\/strong>\u00a0harp, salterio<br \/>\n<strong>Andreas Hinterseher<\/strong>\u00a0accordion, bandoneon, vibrandoneon<br \/>\n<strong>Mulo Francel<\/strong>\u00a0saxophones, clarinets, psaltry, mandolin<br \/>\n<strong>D.D. Lowka<\/strong>\u00a0bass, percussion<\/p>\n<!--[if lt IE 9]><script>document.createElement('audio');<\/script><![endif]-->\n\t<div class=\"wp-playlist wp-audio-playlist wp-playlist-light\">\n\t\t\t<div class=\"wp-playlist-current-item\"><\/div>\n\t\t<audio controls=\"controls\" preload=\"none\" width=\"958\"\n\t\t\t><\/audio>\n\t<div class=\"wp-playlist-next\"><\/div>\n\t<div class=\"wp-playlist-prev\"><\/div>\n\t<noscript>\n\t<ol>\n\t\t<li><a href='https:\/\/www.glm.de\/en\/wp-content\/uploads\/2014\/10\/Que-reste-t-il-de-nos-amours.mp3'>Que reste-t-il de nos amours (K: Trenet, Charles Louis \/ B: Francel, Mulo; Ugarte, Enrique)<\/a><\/li><li><a href='https:\/\/www.glm.de\/en\/wp-content\/uploads\/2014\/10\/Prinzessin-Josefina.mp3'>Prinzessin Josefina (K: Hinterseher, Andreas \/ B: Ugarte, Enrique; Hinterseher, Andreas)<\/a><\/li><li><a href='https:\/\/www.glm.de\/en\/wp-content\/uploads\/2014\/10\/Canzone-della-Strada.mp3'>Canzone della Strada (K: Francel, Mulo \/ B: Francel, Mulo; Ugarte, Enrique)<\/a><\/li><li><a href='https:\/\/www.glm.de\/en\/wp-content\/uploads\/2014\/10\/Du-gehst-durch-all-meine-Tr\u00e4ume.mp3'>Du gehst durch all meine Tr\u00e4ume (K: Kreuder, Peter \/ B: Hinderth\u00fcr, Peter)<\/a><\/li><li><a href='https:\/\/www.glm.de\/en\/wp-content\/uploads\/2014\/10\/La-Cumparsita.mp3'>La Cumparsita (K: Rodr\u00edguez, Gerardo Matos \/ B: Ugarte, Enrique)<\/a><\/li><li><a href='https:\/\/www.glm.de\/en\/wp-content\/uploads\/2014\/10\/Die-Reise-nach-Batumi1.mp3'>Die Reise nach Batumi (K: Francel, Mulo \/ B: Ugarte, Enrique)<\/a><\/li><li><a href='https:\/\/www.glm.de\/en\/wp-content\/uploads\/2014\/10\/Aventure1.mp3'>Aventure (K: Francel, Mulo \/ B: Ugarte, Enrique)<\/a><\/li><li><a href='https:\/\/www.glm.de\/en\/wp-content\/uploads\/2014\/10\/Miserlou.mp3'>Miserlou (K: Traditionell \/ B: Francel, Mulo; Ugarte, Enrique)<\/a><\/li><li><a href='https:\/\/www.glm.de\/en\/wp-content\/uploads\/2014\/10\/Ack-V\u00e4rmeland-du-sk\u00f6na1.mp3'>Ack V\u00e4rmeland du sk\u00f6na (K: Traditionell \/ B: Francel, Mulo; Ugarte, Enrique)<\/a><\/li><li><a href='https:\/\/www.glm.de\/en\/wp-content\/uploads\/2014\/10\/Locanda-del-sole1.mp3'>Locanda del Sole (K: Hinterseher, Andreas \/ B: Ugarte, Enrique; Hinterseher, Andreas)<\/a><\/li><li><a href='https:\/\/www.glm.de\/en\/wp-content\/uploads\/2014\/10\/Mohn.mp3'>Mohn (K: Lowka, D.D. \/ B: Ugarte, Enrique)<\/a><\/li><li><a href='https:\/\/www.glm.de\/en\/wp-content\/uploads\/2014\/10\/Tango-del-Mare.mp3'>Tango del Mare (K: Redi, Gino \/ B: Francel, Mulo; Ugarte, Enrique)<\/a><\/li><li><a href='https:\/\/www.glm.de\/en\/wp-content\/uploads\/2014\/10\/Oblivion.mp3'>Oblivion (K: Piazzolla, Astor \/ B: Ugarte, Enrique)<\/a><\/li>\t<\/ol>\n\t<\/noscript>\n\t<script type=\"application\/json\" class=\"wp-playlist-script\">{\"type\":\"audio\",\"tracklist\":true,\"tracknumbers\":true,\"images\":true,\"artists\":true,\"tracks\":[{\"src\":\"https:\\\/\\\/www.glm.de\\\/en\\\/wp-content\\\/uploads\\\/2014\\\/10\\\/Que-reste-t-il-de-nos-amours.mp3\",\"type\":\"audio\\\/mpeg\",\"title\":\"Que reste-t-il de nos amours (K: Trenet, Charles Louis \\\/ B: Francel, Mulo; Ugarte, Enrique)\",\"caption\":\"\",\"description\":\"\\\"Que reste-t-il de nos amours\\\".\",\"meta\":{\"length_formatted\":\"1:30\"},\"image\":{\"src\":\"https:\\\/\\\/www.glm.de\\\/en\\\/wp-content\\\/uploads\\\/2014\\\/10\\\/FM172.jpg\",\"width\":500,\"height\":500},\"thumb\":{\"src\":\"https:\\\/\\\/www.glm.de\\\/en\\\/wp-content\\\/uploads\\\/2014\\\/10\\\/FM172-150x150.jpg\",\"width\":150,\"height\":150}},{\"src\":\"https:\\\/\\\/www.glm.de\\\/en\\\/wp-content\\\/uploads\\\/2014\\\/10\\\/Prinzessin-Josefina.mp3\",\"type\":\"audio\\\/mpeg\",\"title\":\"Prinzessin Josefina (K: Hinterseher, Andreas \\\/ B: Ugarte, Enrique; Hinterseher, Andreas)\",\"caption\":\"\",\"description\":\"\\\"Prinzessin Josefina\\\".\",\"meta\":{\"length_formatted\":\"1:30\"},\"image\":{\"src\":\"https:\\\/\\\/www.glm.de\\\/en\\\/wp-content\\\/uploads\\\/2014\\\/10\\\/FM172.jpg\",\"width\":500,\"height\":500},\"thumb\":{\"src\":\"https:\\\/\\\/www.glm.de\\\/en\\\/wp-content\\\/uploads\\\/2014\\\/10\\\/FM172-150x150.jpg\",\"width\":150,\"height\":150}},{\"src\":\"https:\\\/\\\/www.glm.de\\\/en\\\/wp-content\\\/uploads\\\/2014\\\/10\\\/Canzone-della-Strada.mp3\",\"type\":\"audio\\\/mpeg\",\"title\":\"Canzone della Strada (K: Francel, Mulo \\\/ B: Francel, Mulo; Ugarte, Enrique)\",\"caption\":\"\",\"description\":\"\\\"Canzone della Strada\\\".\",\"meta\":{\"length_formatted\":\"1:30\"},\"image\":{\"src\":\"https:\\\/\\\/www.glm.de\\\/en\\\/wp-content\\\/uploads\\\/2014\\\/10\\\/FM172.jpg\",\"width\":500,\"height\":500},\"thumb\":{\"src\":\"https:\\\/\\\/www.glm.de\\\/en\\\/wp-content\\\/uploads\\\/2014\\\/10\\\/FM172-150x150.jpg\",\"width\":150,\"height\":150}},{\"src\":\"https:\\\/\\\/www.glm.de\\\/en\\\/wp-content\\\/uploads\\\/2014\\\/10\\\/Du-gehst-durch-all-meine-Tr\\u00e4ume.mp3\",\"type\":\"audio\\\/mpeg\",\"title\":\"Du gehst durch all meine Tr\\u00e4ume (K: Kreuder, Peter \\\/ B: Hinderth\\u00fcr, Peter)\",\"caption\":\"\",\"description\":\"\\\"Du gehst durch all meine Tr\\u00e4ume\\\".\",\"meta\":{\"length_formatted\":\"1:30\"},\"image\":{\"src\":\"https:\\\/\\\/www.glm.de\\\/en\\\/wp-content\\\/uploads\\\/2014\\\/10\\\/FM172.jpg\",\"width\":500,\"height\":500},\"thumb\":{\"src\":\"https:\\\/\\\/www.glm.de\\\/en\\\/wp-content\\\/uploads\\\/2014\\\/10\\\/FM172-150x150.jpg\",\"width\":150,\"height\":150}},{\"src\":\"https:\\\/\\\/www.glm.de\\\/en\\\/wp-content\\\/uploads\\\/2014\\\/10\\\/La-Cumparsita.mp3\",\"type\":\"audio\\\/mpeg\",\"title\":\"La Cumparsita (K: Rodr\\u00edguez, Gerardo Matos \\\/ B: Ugarte, Enrique)\",\"caption\":\"\",\"description\":\"\\\"La Cumparsita\\\".\",\"meta\":{\"length_formatted\":\"1:30\"},\"image\":{\"src\":\"https:\\\/\\\/www.glm.de\\\/en\\\/wp-content\\\/uploads\\\/2014\\\/10\\\/FM172.jpg\",\"width\":500,\"height\":500},\"thumb\":{\"src\":\"https:\\\/\\\/www.glm.de\\\/en\\\/wp-content\\\/uploads\\\/2014\\\/10\\\/FM172-150x150.jpg\",\"width\":150,\"height\":150}},{\"src\":\"https:\\\/\\\/www.glm.de\\\/en\\\/wp-content\\\/uploads\\\/2014\\\/10\\\/Die-Reise-nach-Batumi1.mp3\",\"type\":\"audio\\\/mpeg\",\"title\":\"Die Reise nach Batumi (K: Francel, Mulo \\\/ B: Ugarte, Enrique)\",\"caption\":\"\",\"description\":\"\\\"Die Reise nach Batumi\\\".\",\"meta\":{\"length_formatted\":\"1:30\"},\"image\":{\"src\":\"https:\\\/\\\/www.glm.de\\\/en\\\/wp-content\\\/uploads\\\/2014\\\/10\\\/FM172.jpg\",\"width\":500,\"height\":500},\"thumb\":{\"src\":\"https:\\\/\\\/www.glm.de\\\/en\\\/wp-content\\\/uploads\\\/2014\\\/10\\\/FM172-150x150.jpg\",\"width\":150,\"height\":150}},{\"src\":\"https:\\\/\\\/www.glm.de\\\/en\\\/wp-content\\\/uploads\\\/2014\\\/10\\\/Aventure1.mp3\",\"type\":\"audio\\\/mpeg\",\"title\":\"Aventure (K: Francel, Mulo \\\/ B: Ugarte, Enrique)\",\"caption\":\"\",\"description\":\"\\\"Aventure\\\".\",\"meta\":{\"length_formatted\":\"1:30\"},\"image\":{\"src\":\"https:\\\/\\\/www.glm.de\\\/en\\\/wp-content\\\/uploads\\\/2014\\\/10\\\/FM172.jpg\",\"width\":500,\"height\":500},\"thumb\":{\"src\":\"https:\\\/\\\/www.glm.de\\\/en\\\/wp-content\\\/uploads\\\/2014\\\/10\\\/FM172-150x150.jpg\",\"width\":150,\"height\":150}},{\"src\":\"https:\\\/\\\/www.glm.de\\\/en\\\/wp-content\\\/uploads\\\/2014\\\/10\\\/Miserlou.mp3\",\"type\":\"audio\\\/mpeg\",\"title\":\"Miserlou (K: Traditionell \\\/ B: Francel, Mulo; Ugarte, Enrique)\",\"caption\":\"\",\"description\":\"\\\"Miserlou\\\".\",\"meta\":{\"length_formatted\":\"1:30\"},\"image\":{\"src\":\"https:\\\/\\\/www.glm.de\\\/en\\\/wp-content\\\/uploads\\\/2014\\\/10\\\/FM172.jpg\",\"width\":500,\"height\":500},\"thumb\":{\"src\":\"https:\\\/\\\/www.glm.de\\\/en\\\/wp-content\\\/uploads\\\/2014\\\/10\\\/FM172-150x150.jpg\",\"width\":150,\"height\":150}},{\"src\":\"https:\\\/\\\/www.glm.de\\\/en\\\/wp-content\\\/uploads\\\/2014\\\/10\\\/Ack-V\\u00e4rmeland-du-sk\\u00f6na1.mp3\",\"type\":\"audio\\\/mpeg\",\"title\":\"Ack V\\u00e4rmeland du sk\\u00f6na (K: Traditionell \\\/ B: Francel, Mulo; Ugarte, Enrique)\",\"caption\":\"\",\"description\":\"\\\"Ack V\\u00e4rmeland du sk\\u00f6na\\\".\",\"meta\":{\"length_formatted\":\"1:32\"},\"image\":{\"src\":\"https:\\\/\\\/www.glm.de\\\/en\\\/wp-content\\\/uploads\\\/2014\\\/10\\\/FM172.jpg\",\"width\":500,\"height\":500},\"thumb\":{\"src\":\"https:\\\/\\\/www.glm.de\\\/en\\\/wp-content\\\/uploads\\\/2014\\\/10\\\/FM172-150x150.jpg\",\"width\":150,\"height\":150}},{\"src\":\"https:\\\/\\\/www.glm.de\\\/en\\\/wp-content\\\/uploads\\\/2014\\\/10\\\/Locanda-del-sole1.mp3\",\"type\":\"audio\\\/mpeg\",\"title\":\"Locanda del Sole (K: Hinterseher, Andreas \\\/ B: Ugarte, Enrique; Hinterseher, Andreas)\",\"caption\":\"\",\"description\":\"\\\"Locanda del sole\\\".\",\"meta\":{\"length_formatted\":\"1:32\"},\"image\":{\"src\":\"https:\\\/\\\/www.glm.de\\\/en\\\/wp-content\\\/uploads\\\/2014\\\/10\\\/FM172.jpg\",\"width\":500,\"height\":500},\"thumb\":{\"src\":\"https:\\\/\\\/www.glm.de\\\/en\\\/wp-content\\\/uploads\\\/2014\\\/10\\\/FM172-150x150.jpg\",\"width\":150,\"height\":150}},{\"src\":\"https:\\\/\\\/www.glm.de\\\/en\\\/wp-content\\\/uploads\\\/2014\\\/10\\\/Mohn.mp3\",\"type\":\"audio\\\/mpeg\",\"title\":\"Mohn (K: Lowka, D.D. \\\/ B: Ugarte, Enrique)\",\"caption\":\"\",\"description\":\"\\\"Mohn\\\".\",\"meta\":{\"length_formatted\":\"1:30\"},\"image\":{\"src\":\"https:\\\/\\\/www.glm.de\\\/en\\\/wp-content\\\/uploads\\\/2014\\\/10\\\/FM172.jpg\",\"width\":500,\"height\":500},\"thumb\":{\"src\":\"https:\\\/\\\/www.glm.de\\\/en\\\/wp-content\\\/uploads\\\/2014\\\/10\\\/FM172-150x150.jpg\",\"width\":150,\"height\":150}},{\"src\":\"https:\\\/\\\/www.glm.de\\\/en\\\/wp-content\\\/uploads\\\/2014\\\/10\\\/Tango-del-Mare.mp3\",\"type\":\"audio\\\/mpeg\",\"title\":\"Tango del Mare (K: Redi, Gino \\\/ B: Francel, Mulo; Ugarte, Enrique)\",\"caption\":\"\",\"description\":\"\\\"Tango del Mare\\\".\",\"meta\":{\"length_formatted\":\"1:30\"},\"image\":{\"src\":\"https:\\\/\\\/www.glm.de\\\/en\\\/wp-content\\\/uploads\\\/2014\\\/10\\\/FM172.jpg\",\"width\":500,\"height\":500},\"thumb\":{\"src\":\"https:\\\/\\\/www.glm.de\\\/en\\\/wp-content\\\/uploads\\\/2014\\\/10\\\/FM172-150x150.jpg\",\"width\":150,\"height\":150}},{\"src\":\"https:\\\/\\\/www.glm.de\\\/en\\\/wp-content\\\/uploads\\\/2014\\\/10\\\/Oblivion.mp3\",\"type\":\"audio\\\/mpeg\",\"title\":\"Oblivion (K: Piazzolla, Astor \\\/ B: Ugarte, Enrique)\",\"caption\":\"\",\"description\":\"\\\"Oblivion\\\".\",\"meta\":{\"length_formatted\":\"1:30\"},\"image\":{\"src\":\"https:\\\/\\\/www.glm.de\\\/en\\\/wp-content\\\/uploads\\\/2014\\\/10\\\/FM172.jpg\",\"width\":500,\"height\":500},\"thumb\":{\"src\":\"https:\\\/\\\/www.glm.de\\\/en\\\/wp-content\\\/uploads\\\/2014\\\/10\\\/FM172-150x150.jpg\",\"width\":150,\"height\":150}}]}<\/script>\n<\/div>\n\t\n<blockquote><p><i>A realist would say: not at all<\/i><\/p>\n<p><i>A philosopher would say: through your imagination<\/i><\/p>\n<p><i>A theologian would say: through your believe<\/i><\/p>\n<p><i>A cheater would say: give me some money and I\u2019ll show you the way<\/i><\/p>\n<p><i>A mother would say: in your dreams<\/i><\/p>\n<p><i>A child would say: it\u2019s super easy<\/i><\/p>\n<p><i>A gate would say: behind the next hill, there it should be, I can see it clearly from here<\/i><\/p>\n<p><i>A musician would say: listen<\/i><\/p><\/blockquote>\n<p><i>The end of the rainbow is the place where you will find beauty without feeling the desire to own that beauty.<\/i><\/p>\n<p>Passionate Tangos, captivating Arabesques, melodies from old Europe. Illustrated with an orchestra but still intimate.<\/p>\n<p>Almost lost songs, which are worth saving from being forgotten. Magical musical treasures like Charles Trenets\u2019 \u201cQue reste-t-il de nos amours,\u201d Peter Kreuders \u201cDu gehst durch all meine Tr\u00e4ume\u201d and \u201cTango del Mare\u201d by Carlo Buti.<\/p>\n<p>Breathtaking is also the intensity of Astor Piazzollas\u2019 Tango-hymne \u201cOblvion.\u201d In addition there are multiple new compositions from Quadro Nuevo.<\/p>\n<p>Contemporary arrangements create a balance between orchestra and soloists, which allow the playful virtuosos from Quadro Nuevo to improvise wildly and freely \u2013 a joint ride on the magical flying carpet to the end of the rainbow.<\/p>\n<p>The orchestra of the NDR is one of the most world-renowned and for the CD it plays in a big constellation. The collaboration with Quadro Nuevo exists since 2010 and has been responsible for countless sold out concerts and multiple joint work periods.<\/p>\n<p>Conductor Enrique Ugarte is leading the Basque national orchestra San Sebastian and he has arranged many famous film scores. Furthermore he tours as an accordion player with Giora Feidman and hence is ideally suited to work with musicians like Quadro Nuevo. Ugarte is considered as a lucky coincidence for the connection between orchestra and soloists.<\/p>\n<p><b>Quadro Nuevo <\/b>has been touring since 1996 and has played well over 2700 concerts in all parts of the world, including: Sydney, Montreal, Ottawa, Kuala Lumpur, Istanbul, New York, New Orleans, Mexico City, Peking, Seoul, Singapore, Tunis, Tel Aviv. From small Bavaria over the Alps to Porto, from Denmark to Ukraine, everywhere in Europe.<\/p>\n<p>The CDs of <b>Quadro Nuevo<\/b> have received the German Jazz Award, climbed into the top ten of the Jazz and World music charts and have been awarded with the European price Golden Impala in Paris.<\/p>\n<p>In the years of 2010 and 2011 the ensemble has been rewarded with the ECHO Jazz as best Live-Act of the year, the highest award from the \u201cDeutscher Phonoverband.\u201d<\/p>\n<p>Beside the numerous CDs, the group also released a 224 pages autobiographic roadbook titled: <em>\u201cGrand Voyage.\u201d<\/em><\/p>\n<p>&nbsp;<\/p>\n<p>&nbsp;<\/p>\n<p>&nbsp;<\/p>\n<p><b>\u00a0<\/b><\/p>\n","protected":false},"excerpt":{"rendered":"<p><a class=\"button smart_link_button\" href=\"https:\/\/glmmusic.de\/EndoftheRainbowWE\" target=\"_blank\" rel=\"noopener\">Choose your store!<\/a><\/p>\n","protected":false},"featured_media":331,"comment_status":"open","ping_status":"closed","template":"","meta":[],"product_brand":[],"product_cat":[627,302,631,604,303,622,438],"product_tag":[628,629,632,626,132,44,131,623],"class_list":{"0":"post-249","1":"product","2":"type-product","3":"status-publish","4":"has-post-thumbnail","6":"product_cat-andreas-hinterseher","7":"product_cat-d-d-lowka","8":"product_cat-evelyn-huber","9":"product_cat-fine-music","10":"product_cat-mulo-francel-2","11":"product_cat-quadro-nuevo","12":"product_cat-vinyl","13":"product_tag-andreas-hinterseher","14":"product_tag-didi-lowka","15":"product_tag-evelyn-huber","16":"product_tag-mulo-francel","17":"product_tag-nuevo","18":"product_tag-of","19":"product_tag-quadro","20":"product_tag-quadro-nuevo","21":"pa_art-cd-de","22":"pa_art-doppel-vinyl-lp-inkl-downloadcode-de","23":"pa_art-mp3-download","25":"first","26":"instock","27":"featured","28":"taxable","29":"shipping-taxable","30":"product-type-external"},"_links":{"self":[{"href":"https:\/\/www.glm.de\/en\/wp-json\/wp\/v2\/product\/249"}],"collection":[{"href":"https:\/\/www.glm.de\/en\/wp-json\/wp\/v2\/product"}],"about":[{"href":"https:\/\/www.glm.de\/en\/wp-json\/wp\/v2\/types\/product"}],"replies":[{"embeddable":true,"href":"https:\/\/www.glm.de\/en\/wp-json\/wp\/v2\/comments?post=249"}],"wp:featuredmedia":[{"embeddable":true,"href":"https:\/\/www.glm.de\/en\/wp-json\/wp\/v2\/media\/331"}],"wp:attachment":[{"href":"https:\/\/www.glm.de\/en\/wp-json\/wp\/v2\/media?parent=249"}],"wp:term":[{"taxonomy":"product_brand","embeddable":true,"href":"https:\/\/www.glm.de\/en\/wp-json\/wp\/v2\/product_brand?post=249"},{"taxonomy":"product_cat","embeddable":true,"href":"https:\/\/www.glm.de\/en\/wp-json\/wp\/v2\/product_cat?post=249"},{"taxonomy":"product_tag","embeddable":true,"href":"https:\/\/www.glm.de\/en\/wp-json\/wp\/v2\/product_tag?post=249"}],"curies":[{"name":"wp","href":"https:\/\/api.w.org\/{rel}","templated":true}]}}